{"id":9964,"date":"2018-04-17T01:32:18","date_gmt":"2018-04-16T23:32:18","guid":{"rendered":"http:\/\/villagesdecaractereduvar.fr\/events\/visite-guidee-la-visite-du-village-2\/"},"modified":"2018-05-30T01:37:04","modified_gmt":"2018-05-29T23:37:04","slug":"visite-guidee-la-visite-du-village-2","status":"publish","type":"ajde_events","link":"https:\/\/villagesdecaractereduvar.fr\/en\/events\/visite-guidee-la-visite-du-village-2\/","title":{"rendered":"Visite guid\u00e9e: la visite du village"},"content":{"rendered":"<p>Promenade au travers des ruelles et placettes calad\u00e9es de Collobri\u00e8res, village de charme et de caract\u00e8re. Mont\u00e9e jusqu\u2019\u00e0 l\u2019Eglise Saint-Pons, situ\u00e9e au sommet du village, sur un affleurement rocheux, cette ancienne \u00e9glise paroissiale fut \u00e9difi\u00e9e au XV\u00e8me sur l\u2019emplacement d\u2019une chapelle du XI\u00e8me. Redescente jusqu\u2019au Pont Vieux du XII\u00e8me si\u00e8cle et sa fontaine, ancien lavoir du village.<\/p>\n<p>Dur\u00e9e 1h30, distance \u00e0 pied 2 km. <\/p>\n<p>Recommandations:<br \/>\n&#8211;\tBaskets ou chaussures confortables.<br \/>\n&#8211;\tPr\u00e9voir de l\u2019eau, chapeau, cr\u00e8me solaire\u2026<br \/>\n&#8211;\tAnimaux non accept\u00e9s.<\/p>\n","protected":false},"author":1,"featured_media":0,"menu_order":0,"comment_status":"closed","ping_status":"closed","template":"","meta":[],"tags":[],"event_type":[813],"event_type_2":[],"yoast_head":"<!-- This site is optimized with the Yoast SEO plugin v24.5 - https:\/\/yoast.com\/wordpress\/plugins\/seo\/ -->\n<title>Visite guid\u00e9e: la visite du village - Villages de Caract\u00e8re du Var<\/title>\n<meta name=\"robots\" content=\"index, follow, max-snippet:-1, max-image-preview:large, max-video-preview:-1\" \/>\n<link rel=\"canonical\" href=\"https:\/\/villagesdecaractereduvar.fr\/en\/events\/visite-guidee-la-visite-du-village-2\/\" \/>\n<meta property=\"og:locale\" content=\"en_US\" \/>\n<meta property=\"og:type\" content=\"article\" \/>\n<meta property=\"og:title\" content=\"Visite guid\u00e9e: la visite du village - Villages de Caract\u00e8re du Var\" \/>\n<meta property=\"og:description\" content=\"Promenade au travers des ruelles et placettes calad\u00e9es de Collobri\u00e8res, village de charme et de caract\u00e8re. Mont\u00e9e jusqu\u2019\u00e0 l\u2019Eglise Saint-Pons, situ\u00e9e au sommet du village, sur un affleurement rocheux, cette ancienne \u00e9glise paroissiale...\" \/>\n<meta property=\"og:url\" content=\"https:\/\/villagesdecaractereduvar.fr\/en\/events\/visite-guidee-la-visite-du-village-2\/\" \/>\n<meta property=\"og:site_name\" content=\"Villages de Caract\u00e8re du Var\" \/>\n<meta property=\"article:modified_time\" content=\"2018-05-29T23:37:04+00:00\" \/>\n<meta name=\"twitter:card\" content=\"summary_large_image\" \/>\n<script type=\"application\/ld+json\" class=\"yoast-schema-graph\">{\"@context\":\"https:\/\/schema.org\",\"@graph\":[{\"@type\":\"WebPage\",\"@id\":\"https:\/\/villagesdecaractereduvar.fr\/en\/events\/visite-guidee-la-visite-du-village-2\/\",\"url\":\"https:\/\/villagesdecaractereduvar.fr\/en\/events\/visite-guidee-la-visite-du-village-2\/\",\"name\":\"Visite guid\u00e9e: la visite du village - Villages de Caract\u00e8re du Var\",\"isPartOf\":{\"@id\":\"https:\/\/villagesdecaractereduvar.fr\/#website\"},\"datePublished\":\"2018-04-16T23:32:18+00:00\",\"dateModified\":\"2018-05-29T23:37:04+00:00\",\"breadcrumb\":{\"@id\":\"https:\/\/villagesdecaractereduvar.fr\/en\/events\/visite-guidee-la-visite-du-village-2\/#breadcrumb\"},\"inLanguage\":\"en-US\",\"potentialAction\":[{\"@type\":\"ReadAction\",\"target\":[\"https:\/\/villagesdecaractereduvar.fr\/en\/events\/visite-guidee-la-visite-du-village-2\/\"]}]},{\"@type\":\"BreadcrumbList\",\"@id\":\"https:\/\/villagesdecaractereduvar.fr\/en\/events\/visite-guidee-la-visite-du-village-2\/#breadcrumb\",\"itemListElement\":[{\"@type\":\"ListItem\",\"position\":1,\"name\":\"Accueil\",\"item\":\"https:\/\/villagesdecaractereduvar.fr\/en\/\"},{\"@type\":\"ListItem\",\"position\":2,\"name\":\"Agenda\",\"item\":\"https:\/\/villagesdecaractereduvar.fr\/en\/events\/\"},{\"@type\":\"ListItem\",\"position\":3,\"name\":\"Visite guid\u00e9e: la visite du village\"}]},{\"@type\":\"WebSite\",\"@id\":\"https:\/\/villagesdecaractereduvar.fr\/#website\",\"url\":\"https:\/\/villagesdecaractereduvar.fr\/\",\"name\":\"Villages de Caract\u00e8re du Var\",\"description\":\"\",\"publisher\":{\"@id\":\"https:\/\/villagesdecaractereduvar.fr\/#organization\"},\"potentialAction\":[{\"@type\":\"SearchAction\",\"target\":{\"@type\":\"EntryPoint\",\"urlTemplate\":\"https:\/\/villagesdecaractereduvar.fr\/?s={search_term_string}\"},\"query-input\":{\"@type\":\"PropertyValueSpecification\",\"valueRequired\":true,\"valueName\":\"search_term_string\"}}],\"inLanguage\":\"en-US\"},{\"@type\":\"Organization\",\"@id\":\"https:\/\/villagesdecaractereduvar.fr\/#organization\",\"name\":\"Villages de Caract\u00e8re du Var\",\"url\":\"https:\/\/villagesdecaractereduvar.fr\/\",\"logo\":{\"@type\":\"ImageObject\",\"inLanguage\":\"en-US\",\"@id\":\"https:\/\/villagesdecaractereduvar.fr\/#\/schema\/logo\/image\/\",\"url\":\"https:\/\/villagesdecaractereduvar.fr\/wp-content\/uploads\/2016\/07\/vdc83-logo.jpg\",\"contentUrl\":\"https:\/\/villagesdecaractereduvar.fr\/wp-content\/uploads\/2016\/07\/vdc83-logo.jpg\",\"width\":230,\"height\":90,\"caption\":\"Villages de Caract\u00e8re du Var\"},\"image\":{\"@id\":\"https:\/\/villagesdecaractereduvar.fr\/#\/schema\/logo\/image\/\"}}]}<\/script>\n<!-- \/ Yoast SEO plugin. -->","yoast_head_json":{"title":"Visite guid\u00e9e: la visite du village - Villages de Caract\u00e8re du Var","robots":{"index":"index","follow":"follow","max-snippet":"max-snippet:-1","max-image-preview":"max-image-preview:large","max-video-preview":"max-video-preview:-1"},"canonical":"https:\/\/villagesdecaractereduvar.fr\/en\/events\/visite-guidee-la-visite-du-village-2\/","og_locale":"en_US","og_type":"article","og_title":"Visite guid\u00e9e: la visite du village - Villages de Caract\u00e8re du Var","og_description":"Promenade au travers des ruelles et placettes calad\u00e9es de Collobri\u00e8res, village de charme et de caract\u00e8re. Mont\u00e9e jusqu\u2019\u00e0 l\u2019Eglise Saint-Pons, situ\u00e9e au sommet du village, sur un affleurement rocheux, cette ancienne \u00e9glise paroissiale...","og_url":"https:\/\/villagesdecaractereduvar.fr\/en\/events\/visite-guidee-la-visite-du-village-2\/","og_site_name":"Villages de Caract\u00e8re du Var","article_modified_time":"2018-05-29T23:37:04+00:00","twitter_card":"summary_large_image","schema":{"@context":"https:\/\/schema.org","@graph":[{"@type":"WebPage","@id":"https:\/\/villagesdecaractereduvar.fr\/en\/events\/visite-guidee-la-visite-du-village-2\/","url":"https:\/\/villagesdecaractereduvar.fr\/en\/events\/visite-guidee-la-visite-du-village-2\/","name":"Visite guid\u00e9e: la visite du village - Villages de Caract\u00e8re du Var","isPartOf":{"@id":"https:\/\/villagesdecaractereduvar.fr\/#website"},"datePublished":"2018-04-16T23:32:18+00:00","dateModified":"2018-05-29T23:37:04+00:00","breadcrumb":{"@id":"https:\/\/villagesdecaractereduvar.fr\/en\/events\/visite-guidee-la-visite-du-village-2\/#breadcrumb"},"inLanguage":"en-US","potentialAction":[{"@type":"ReadAction","target":["https:\/\/villagesdecaractereduvar.fr\/en\/events\/visite-guidee-la-visite-du-village-2\/"]}]},{"@type":"BreadcrumbList","@id":"https:\/\/villagesdecaractereduvar.fr\/en\/events\/visite-guidee-la-visite-du-village-2\/#breadcrumb","itemListElement":[{"@type":"ListItem","position":1,"name":"Accueil","item":"https:\/\/villagesdecaractereduvar.fr\/en\/"},{"@type":"ListItem","position":2,"name":"Agenda","item":"https:\/\/villagesdecaractereduvar.fr\/en\/events\/"},{"@type":"ListItem","position":3,"name":"Visite guid\u00e9e: la visite du village"}]},{"@type":"WebSite","@id":"https:\/\/villagesdecaractereduvar.fr\/#website","url":"https:\/\/villagesdecaractereduvar.fr\/","name":"Villages de Caract\u00e8re du Var","description":"","publisher":{"@id":"https:\/\/villagesdecaractereduvar.fr\/#organization"},"potentialAction":[{"@type":"SearchAction","target":{"@type":"EntryPoint","urlTemplate":"https:\/\/villagesdecaractereduvar.fr\/?s={search_term_string}"},"query-input":{"@type":"PropertyValueSpecification","valueRequired":true,"valueName":"search_term_string"}}],"inLanguage":"en-US"},{"@type":"Organization","@id":"https:\/\/villagesdecaractereduvar.fr\/#organization","name":"Villages de Caract\u00e8re du Var","url":"https:\/\/villagesdecaractereduvar.fr\/","logo":{"@type":"ImageObject","inLanguage":"en-US","@id":"https:\/\/villagesdecaractereduvar.fr\/#\/schema\/logo\/image\/","url":"https:\/\/villagesdecaractereduvar.fr\/wp-content\/uploads\/2016\/07\/vdc83-logo.jpg","contentUrl":"https:\/\/villagesdecaractereduvar.fr\/wp-content\/uploads\/2016\/07\/vdc83-logo.jpg","width":230,"height":90,"caption":"Villages de Caract\u00e8re du Var"},"image":{"@id":"https:\/\/villagesdecaractereduvar.fr\/#\/schema\/logo\/image\/"}}]}},"jetpack_sharing_enabled":true,"_links":{"self":[{"href":"https:\/\/villagesdecaractereduvar.fr\/en\/wp-json\/wp\/v2\/ajde_events\/9964"}],"collection":[{"href":"https:\/\/villagesdecaractereduvar.fr\/en\/wp-json\/wp\/v2\/ajde_events"}],"about":[{"href":"https:\/\/villagesdecaractereduvar.fr\/en\/wp-json\/wp\/v2\/types\/ajde_events"}],"author":[{"embeddable":true,"href":"https:\/\/villagesdecaractereduvar.fr\/en\/wp-json\/wp\/v2\/users\/1"}],"replies":[{"embeddable":true,"href":"https:\/\/villagesdecaractereduvar.fr\/en\/wp-json\/wp\/v2\/comments?post=9964"}],"wp:attachment":[{"href":"https:\/\/villagesdecaractereduvar.fr\/en\/wp-json\/wp\/v2\/media?parent=9964"}],"wp:term":[{"taxonomy":"post_tag","embeddable":true,"href":"https:\/\/villagesdecaractereduvar.fr\/en\/wp-json\/wp\/v2\/tags?post=9964"},{"taxonomy":"event_type","embeddable":true,"href":"https:\/\/villagesdecaractereduvar.fr\/en\/wp-json\/wp\/v2\/event_type?post=9964"},{"taxonomy":"event_type_2","embeddable":true,"href":"https:\/\/villagesdecaractereduvar.fr\/en\/wp-json\/wp\/v2\/event_type_2?post=9964"}],"curies":[{"name":"wp","href":"https:\/\/api.w.org\/{rel}","templated":true}]}}