{"id":9054,"date":"2017-06-28T01:31:36","date_gmt":"2017-06-27T23:31:36","guid":{"rendered":"http:\/\/villagesdecaractereduvar.fr\/events\/cosmons-2\/"},"modified":"2022-07-16T01:31:34","modified_gmt":"2022-07-15T23:31:34","slug":"cosmons-2","status":"publish","type":"ajde_events","link":"https:\/\/villagesdecaractereduvar.fr\/en\/events\/cosmons-2\/","title":{"rendered":"COSMONS"},"content":{"rendered":"<p>Cosmons qui se d\u00e9roulera le 16 Juillet 2022 \u00e0 partir de 16H sur la place St S\u00e9bastien \u00e0 Mons, nous vous invitons nombreux pour observer le soleil en toute s\u00e9curit\u00e9 \u00e0 partir de 22 h ainsi que l&#8217;exposition de photos d&#8217;astronomie, d&#8217;une maquette du syst\u00e8me solaire, d&#8217;un atelier de fus\u00e9es \u00e0 eau et leurs lancements, la nuit venue l&#8217;observation des plan\u00e8tes et des galaxies. Association PEGASE.<\/p>\n","protected":false},"author":1,"featured_media":0,"menu_order":0,"comment_status":"closed","ping_status":"closed","template":"","meta":[],"tags":[],"event_type":[830],"event_type_2":[],"yoast_head":"<!-- This site is optimized with the Yoast SEO plugin v24.5 - https:\/\/yoast.com\/wordpress\/plugins\/seo\/ -->\n<title>COSMONS - Villages de Caract\u00e8re du Var<\/title>\n<meta name=\"robots\" content=\"index, follow, max-snippet:-1, max-image-preview:large, max-video-preview:-1\" \/>\n<link rel=\"canonical\" href=\"https:\/\/villagesdecaractereduvar.fr\/en\/events\/cosmons-2\/\" \/>\n<meta property=\"og:locale\" content=\"en_US\" \/>\n<meta property=\"og:type\" content=\"article\" \/>\n<meta property=\"og:title\" content=\"COSMONS - Villages de Caract\u00e8re du Var\" \/>\n<meta property=\"og:description\" content=\"Cosmons qui se d\u00e9roulera le 16 Juillet 2022 \u00e0 partir de 16H sur la place St S\u00e9bastien \u00e0 Mons, nous vous invitons nombreux pour observer le soleil en toute s\u00e9curit\u00e9 \u00e0 partir de...\" \/>\n<meta property=\"og:url\" content=\"https:\/\/villagesdecaractereduvar.fr\/en\/events\/cosmons-2\/\" \/>\n<meta property=\"og:site_name\" content=\"Villages de Caract\u00e8re du Var\" \/>\n<meta property=\"article:modified_time\" content=\"2022-07-15T23:31:34+00:00\" \/>\n<meta name=\"twitter:card\" content=\"summary_large_image\" \/>\n<script type=\"application\/ld+json\" class=\"yoast-schema-graph\">{\"@context\":\"https:\/\/schema.org\",\"@graph\":[{\"@type\":\"WebPage\",\"@id\":\"https:\/\/villagesdecaractereduvar.fr\/en\/events\/cosmons-2\/\",\"url\":\"https:\/\/villagesdecaractereduvar.fr\/en\/events\/cosmons-2\/\",\"name\":\"COSMONS - Villages de Caract\u00e8re du Var\",\"isPartOf\":{\"@id\":\"https:\/\/villagesdecaractereduvar.fr\/#website\"},\"datePublished\":\"2017-06-27T23:31:36+00:00\",\"dateModified\":\"2022-07-15T23:31:34+00:00\",\"breadcrumb\":{\"@id\":\"https:\/\/villagesdecaractereduvar.fr\/en\/events\/cosmons-2\/#breadcrumb\"},\"inLanguage\":\"en-US\",\"potentialAction\":[{\"@type\":\"ReadAction\",\"target\":[\"https:\/\/villagesdecaractereduvar.fr\/en\/events\/cosmons-2\/\"]}]},{\"@type\":\"BreadcrumbList\",\"@id\":\"https:\/\/villagesdecaractereduvar.fr\/en\/events\/cosmons-2\/#breadcrumb\",\"itemListElement\":[{\"@type\":\"ListItem\",\"position\":1,\"name\":\"Accueil\",\"item\":\"https:\/\/villagesdecaractereduvar.fr\/en\/\"},{\"@type\":\"ListItem\",\"position\":2,\"name\":\"Agenda\",\"item\":\"https:\/\/villagesdecaractereduvar.fr\/en\/events\/\"},{\"@type\":\"ListItem\",\"position\":3,\"name\":\"COSMONS\"}]},{\"@type\":\"WebSite\",\"@id\":\"https:\/\/villagesdecaractereduvar.fr\/#website\",\"url\":\"https:\/\/villagesdecaractereduvar.fr\/\",\"name\":\"Villages de Caract\u00e8re du Var\",\"description\":\"\",\"publisher\":{\"@id\":\"https:\/\/villagesdecaractereduvar.fr\/#organization\"},\"potentialAction\":[{\"@type\":\"SearchAction\",\"target\":{\"@type\":\"EntryPoint\",\"urlTemplate\":\"https:\/\/villagesdecaractereduvar.fr\/?s={search_term_string}\"},\"query-input\":{\"@type\":\"PropertyValueSpecification\",\"valueRequired\":true,\"valueName\":\"search_term_string\"}}],\"inLanguage\":\"en-US\"},{\"@type\":\"Organization\",\"@id\":\"https:\/\/villagesdecaractereduvar.fr\/#organization\",\"name\":\"Villages de Caract\u00e8re du Var\",\"url\":\"https:\/\/villagesdecaractereduvar.fr\/\",\"logo\":{\"@type\":\"ImageObject\",\"inLanguage\":\"en-US\",\"@id\":\"https:\/\/villagesdecaractereduvar.fr\/#\/schema\/logo\/image\/\",\"url\":\"https:\/\/villagesdecaractereduvar.fr\/wp-content\/uploads\/2016\/07\/vdc83-logo.jpg\",\"contentUrl\":\"https:\/\/villagesdecaractereduvar.fr\/wp-content\/uploads\/2016\/07\/vdc83-logo.jpg\",\"width\":230,\"height\":90,\"caption\":\"Villages de Caract\u00e8re du Var\"},\"image\":{\"@id\":\"https:\/\/villagesdecaractereduvar.fr\/#\/schema\/logo\/image\/\"}}]}<\/script>\n<!-- \/ Yoast SEO plugin. -->","yoast_head_json":{"title":"COSMONS - Villages de Caract\u00e8re du Var","robots":{"index":"index","follow":"follow","max-snippet":"max-snippet:-1","max-image-preview":"max-image-preview:large","max-video-preview":"max-video-preview:-1"},"canonical":"https:\/\/villagesdecaractereduvar.fr\/en\/events\/cosmons-2\/","og_locale":"en_US","og_type":"article","og_title":"COSMONS - Villages de Caract\u00e8re du Var","og_description":"Cosmons qui se d\u00e9roulera le 16 Juillet 2022 \u00e0 partir de 16H sur la place St S\u00e9bastien \u00e0 Mons, nous vous invitons nombreux pour observer le soleil en toute s\u00e9curit\u00e9 \u00e0 partir de...","og_url":"https:\/\/villagesdecaractereduvar.fr\/en\/events\/cosmons-2\/","og_site_name":"Villages de Caract\u00e8re du Var","article_modified_time":"2022-07-15T23:31:34+00:00","twitter_card":"summary_large_image","schema":{"@context":"https:\/\/schema.org","@graph":[{"@type":"WebPage","@id":"https:\/\/villagesdecaractereduvar.fr\/en\/events\/cosmons-2\/","url":"https:\/\/villagesdecaractereduvar.fr\/en\/events\/cosmons-2\/","name":"COSMONS - Villages de Caract\u00e8re du Var","isPartOf":{"@id":"https:\/\/villagesdecaractereduvar.fr\/#website"},"datePublished":"2017-06-27T23:31:36+00:00","dateModified":"2022-07-15T23:31:34+00:00","breadcrumb":{"@id":"https:\/\/villagesdecaractereduvar.fr\/en\/events\/cosmons-2\/#breadcrumb"},"inLanguage":"en-US","potentialAction":[{"@type":"ReadAction","target":["https:\/\/villagesdecaractereduvar.fr\/en\/events\/cosmons-2\/"]}]},{"@type":"BreadcrumbList","@id":"https:\/\/villagesdecaractereduvar.fr\/en\/events\/cosmons-2\/#breadcrumb","itemListElement":[{"@type":"ListItem","position":1,"name":"Accueil","item":"https:\/\/villagesdecaractereduvar.fr\/en\/"},{"@type":"ListItem","position":2,"name":"Agenda","item":"https:\/\/villagesdecaractereduvar.fr\/en\/events\/"},{"@type":"ListItem","position":3,"name":"COSMONS"}]},{"@type":"WebSite","@id":"https:\/\/villagesdecaractereduvar.fr\/#website","url":"https:\/\/villagesdecaractereduvar.fr\/","name":"Villages de Caract\u00e8re du Var","description":"","publisher":{"@id":"https:\/\/villagesdecaractereduvar.fr\/#organization"},"potentialAction":[{"@type":"SearchAction","target":{"@type":"EntryPoint","urlTemplate":"https:\/\/villagesdecaractereduvar.fr\/?s={search_term_string}"},"query-input":{"@type":"PropertyValueSpecification","valueRequired":true,"valueName":"search_term_string"}}],"inLanguage":"en-US"},{"@type":"Organization","@id":"https:\/\/villagesdecaractereduvar.fr\/#organization","name":"Villages de Caract\u00e8re du Var","url":"https:\/\/villagesdecaractereduvar.fr\/","logo":{"@type":"ImageObject","inLanguage":"en-US","@id":"https:\/\/villagesdecaractereduvar.fr\/#\/schema\/logo\/image\/","url":"https:\/\/villagesdecaractereduvar.fr\/wp-content\/uploads\/2016\/07\/vdc83-logo.jpg","contentUrl":"https:\/\/villagesdecaractereduvar.fr\/wp-content\/uploads\/2016\/07\/vdc83-logo.jpg","width":230,"height":90,"caption":"Villages de Caract\u00e8re du Var"},"image":{"@id":"https:\/\/villagesdecaractereduvar.fr\/#\/schema\/logo\/image\/"}}]}},"jetpack_sharing_enabled":true,"_links":{"self":[{"href":"https:\/\/villagesdecaractereduvar.fr\/en\/wp-json\/wp\/v2\/ajde_events\/9054"}],"collection":[{"href":"https:\/\/villagesdecaractereduvar.fr\/en\/wp-json\/wp\/v2\/ajde_events"}],"about":[{"href":"https:\/\/villagesdecaractereduvar.fr\/en\/wp-json\/wp\/v2\/types\/ajde_events"}],"author":[{"embeddable":true,"href":"https:\/\/villagesdecaractereduvar.fr\/en\/wp-json\/wp\/v2\/users\/1"}],"replies":[{"embeddable":true,"href":"https:\/\/villagesdecaractereduvar.fr\/en\/wp-json\/wp\/v2\/comments?post=9054"}],"wp:attachment":[{"href":"https:\/\/villagesdecaractereduvar.fr\/en\/wp-json\/wp\/v2\/media?parent=9054"}],"wp:term":[{"taxonomy":"post_tag","embeddable":true,"href":"https:\/\/villagesdecaractereduvar.fr\/en\/wp-json\/wp\/v2\/tags?post=9054"},{"taxonomy":"event_type","embeddable":true,"href":"https:\/\/villagesdecaractereduvar.fr\/en\/wp-json\/wp\/v2\/event_type?post=9054"},{"taxonomy":"event_type_2","embeddable":true,"href":"https:\/\/villagesdecaractereduvar.fr\/en\/wp-json\/wp\/v2\/event_type_2?post=9054"}],"curies":[{"name":"wp","href":"https:\/\/api.w.org\/{rel}","templated":true}]}}