{"id":18552,"date":"2022-11-14T01:30:07","date_gmt":"2022-11-14T00:30:07","guid":{"rendered":"http:\/\/villagesdecaractereduvar.fr\/events\/loto-geant-pour-les-enfants-malades-de-paca-2\/"},"modified":"2022-11-27T01:29:48","modified_gmt":"2022-11-27T00:29:48","slug":"loto-geant-pour-les-enfants-malades-de-paca-2","status":"publish","type":"ajde_events","link":"https:\/\/villagesdecaractereduvar.fr\/en\/events\/loto-geant-pour-les-enfants-malades-de-paca-2\/","title":{"rendered":"Loto G\u00e9ant  pour les enfants malades de PACA"},"content":{"rendered":"<p>De nombreux lots sont \u00e0 gagner, dont une travers\u00e9e pour 2 personnes en bateau pour la Corse.<\/p>\n<p>L\u2019association Adrien souhaiterait am\u00e9liorer le quotidien des enfants malades et des parents avec une nouvelle approche et technique de pointe : le MORAL<br \/>\nparce que le &#8216;moral&#8217; c&#8217;est 90 % de la gu\u00e9rison.<br \/>\nL\u2019association Adrien souhaite cr\u00e9er un centre de vacances d\u00e9di\u00e9s aux enfants malades atteints de toutes pathologies, et leurs parents afin de ressouder les liens familiaux<br \/>\nCe centre de vacances serait ouvert aux enfants de toute la France, et servira dans plusieurs domaines :<br \/>\nLa maison permettrait  aux familles qui n\u2019habitent pas notre r\u00e9gion et qui ont des protocoles \u00e0 l\u2019h\u00f4pital l\u2019archet 2 \u00e0 Nice, l\u2019h\u00f4pital la Timone \u00e0 Marseille de venir dormir dans la maison d\u2019Adrien.<br \/>\nLa maison sera ouverte \u00e9galement aux enfants en soins palliatifs pour passer des moments inoubliables.<br \/>\nL\u2019association Adrien recevra des enfants pour un accueil de jour tout au long de l\u2019ann\u00e9e.<br \/>\nL\u2019association Adrien aura un guichet unique pour aider les familles. Nous avons  besoin de votre g\u00e9n\u00e9rosit\u00e9.<br \/>\nL\u2019association Adrien a achet\u00e9 un terrain de 5 797 m2 sur la commune de P\u00e9gomas.<br \/>\nPour r\u00e9ussir cette misson, l&#8217;association Adrien est \u00e0 la recherche d\u2019une cagnotte de 300.000 euros pour finaliser et commencer les travaux.<br \/>\nNous avos besoin de votre g\u00e9n\u00e9rosit\u00e9.<\/p>\n","protected":false},"author":1,"featured_media":0,"menu_order":0,"comment_status":"closed","ping_status":"closed","template":"","meta":[],"tags":[],"event_type":[801],"event_type_2":[],"yoast_head":"<!-- This site is optimized with the Yoast SEO plugin v24.5 - https:\/\/yoast.com\/wordpress\/plugins\/seo\/ -->\n<title>Loto G\u00e9ant pour les enfants malades de PACA - Villages de Caract\u00e8re du Var<\/title>\n<meta name=\"robots\" content=\"index, follow, max-snippet:-1, max-image-preview:large, max-video-preview:-1\" \/>\n<link rel=\"canonical\" href=\"https:\/\/villagesdecaractereduvar.fr\/en\/events\/loto-geant-pour-les-enfants-malades-de-paca-2\/\" \/>\n<meta property=\"og:locale\" content=\"en_US\" \/>\n<meta property=\"og:type\" content=\"article\" \/>\n<meta property=\"og:title\" content=\"Loto G\u00e9ant pour les enfants malades de PACA - Villages de Caract\u00e8re du Var\" \/>\n<meta property=\"og:description\" content=\"De nombreux lots sont \u00e0 gagner, dont une travers\u00e9e pour 2 personnes en bateau pour la Corse. L\u2019association Adrien souhaiterait am\u00e9liorer le quotidien des enfants malades et des parents avec une nouvelle approche...\" \/>\n<meta property=\"og:url\" content=\"https:\/\/villagesdecaractereduvar.fr\/en\/events\/loto-geant-pour-les-enfants-malades-de-paca-2\/\" \/>\n<meta property=\"og:site_name\" content=\"Villages de Caract\u00e8re du Var\" \/>\n<meta property=\"article:modified_time\" content=\"2022-11-27T00:29:48+00:00\" \/>\n<meta name=\"twitter:card\" content=\"summary_large_image\" \/>\n<meta name=\"twitter:label1\" content=\"Est. reading time\" \/>\n\t<meta name=\"twitter:data1\" content=\"1 minute\" \/>\n<script type=\"application\/ld+json\" class=\"yoast-schema-graph\">{\"@context\":\"https:\/\/schema.org\",\"@graph\":[{\"@type\":\"WebPage\",\"@id\":\"https:\/\/villagesdecaractereduvar.fr\/en\/events\/loto-geant-pour-les-enfants-malades-de-paca-2\/\",\"url\":\"https:\/\/villagesdecaractereduvar.fr\/en\/events\/loto-geant-pour-les-enfants-malades-de-paca-2\/\",\"name\":\"Loto G\u00e9ant pour les enfants malades de PACA - Villages de Caract\u00e8re du Var\",\"isPartOf\":{\"@id\":\"https:\/\/villagesdecaractereduvar.fr\/#website\"},\"datePublished\":\"2022-11-14T00:30:07+00:00\",\"dateModified\":\"2022-11-27T00:29:48+00:00\",\"breadcrumb\":{\"@id\":\"https:\/\/villagesdecaractereduvar.fr\/en\/events\/loto-geant-pour-les-enfants-malades-de-paca-2\/#breadcrumb\"},\"inLanguage\":\"en-US\",\"potentialAction\":[{\"@type\":\"ReadAction\",\"target\":[\"https:\/\/villagesdecaractereduvar.fr\/en\/events\/loto-geant-pour-les-enfants-malades-de-paca-2\/\"]}]},{\"@type\":\"BreadcrumbList\",\"@id\":\"https:\/\/villagesdecaractereduvar.fr\/en\/events\/loto-geant-pour-les-enfants-malades-de-paca-2\/#breadcrumb\",\"itemListElement\":[{\"@type\":\"ListItem\",\"position\":1,\"name\":\"Accueil\",\"item\":\"https:\/\/villagesdecaractereduvar.fr\/en\/\"},{\"@type\":\"ListItem\",\"position\":2,\"name\":\"Agenda\",\"item\":\"https:\/\/villagesdecaractereduvar.fr\/en\/events\/\"},{\"@type\":\"ListItem\",\"position\":3,\"name\":\"Loto G\u00e9ant pour les enfants malades de PACA\"}]},{\"@type\":\"WebSite\",\"@id\":\"https:\/\/villagesdecaractereduvar.fr\/#website\",\"url\":\"https:\/\/villagesdecaractereduvar.fr\/\",\"name\":\"Villages de Caract\u00e8re du Var\",\"description\":\"\",\"publisher\":{\"@id\":\"https:\/\/villagesdecaractereduvar.fr\/#organization\"},\"potentialAction\":[{\"@type\":\"SearchAction\",\"target\":{\"@type\":\"EntryPoint\",\"urlTemplate\":\"https:\/\/villagesdecaractereduvar.fr\/?s={search_term_string}\"},\"query-input\":{\"@type\":\"PropertyValueSpecification\",\"valueRequired\":true,\"valueName\":\"search_term_string\"}}],\"inLanguage\":\"en-US\"},{\"@type\":\"Organization\",\"@id\":\"https:\/\/villagesdecaractereduvar.fr\/#organization\",\"name\":\"Villages de Caract\u00e8re du Var\",\"url\":\"https:\/\/villagesdecaractereduvar.fr\/\",\"logo\":{\"@type\":\"ImageObject\",\"inLanguage\":\"en-US\",\"@id\":\"https:\/\/villagesdecaractereduvar.fr\/#\/schema\/logo\/image\/\",\"url\":\"https:\/\/villagesdecaractereduvar.fr\/wp-content\/uploads\/2016\/07\/vdc83-logo.jpg\",\"contentUrl\":\"https:\/\/villagesdecaractereduvar.fr\/wp-content\/uploads\/2016\/07\/vdc83-logo.jpg\",\"width\":230,\"height\":90,\"caption\":\"Villages de Caract\u00e8re du Var\"},\"image\":{\"@id\":\"https:\/\/villagesdecaractereduvar.fr\/#\/schema\/logo\/image\/\"}}]}<\/script>\n<!-- \/ Yoast SEO plugin. -->","yoast_head_json":{"title":"Loto G\u00e9ant pour les enfants malades de PACA - Villages de Caract\u00e8re du Var","robots":{"index":"index","follow":"follow","max-snippet":"max-snippet:-1","max-image-preview":"max-image-preview:large","max-video-preview":"max-video-preview:-1"},"canonical":"https:\/\/villagesdecaractereduvar.fr\/en\/events\/loto-geant-pour-les-enfants-malades-de-paca-2\/","og_locale":"en_US","og_type":"article","og_title":"Loto G\u00e9ant pour les enfants malades de PACA - Villages de Caract\u00e8re du Var","og_description":"De nombreux lots sont \u00e0 gagner, dont une travers\u00e9e pour 2 personnes en bateau pour la Corse. L\u2019association Adrien souhaiterait am\u00e9liorer le quotidien des enfants malades et des parents avec une nouvelle approche...","og_url":"https:\/\/villagesdecaractereduvar.fr\/en\/events\/loto-geant-pour-les-enfants-malades-de-paca-2\/","og_site_name":"Villages de Caract\u00e8re du Var","article_modified_time":"2022-11-27T00:29:48+00:00","twitter_card":"summary_large_image","twitter_misc":{"Est. reading time":"1 minute"},"schema":{"@context":"https:\/\/schema.org","@graph":[{"@type":"WebPage","@id":"https:\/\/villagesdecaractereduvar.fr\/en\/events\/loto-geant-pour-les-enfants-malades-de-paca-2\/","url":"https:\/\/villagesdecaractereduvar.fr\/en\/events\/loto-geant-pour-les-enfants-malades-de-paca-2\/","name":"Loto G\u00e9ant pour les enfants malades de PACA - Villages de Caract\u00e8re du Var","isPartOf":{"@id":"https:\/\/villagesdecaractereduvar.fr\/#website"},"datePublished":"2022-11-14T00:30:07+00:00","dateModified":"2022-11-27T00:29:48+00:00","breadcrumb":{"@id":"https:\/\/villagesdecaractereduvar.fr\/en\/events\/loto-geant-pour-les-enfants-malades-de-paca-2\/#breadcrumb"},"inLanguage":"en-US","potentialAction":[{"@type":"ReadAction","target":["https:\/\/villagesdecaractereduvar.fr\/en\/events\/loto-geant-pour-les-enfants-malades-de-paca-2\/"]}]},{"@type":"BreadcrumbList","@id":"https:\/\/villagesdecaractereduvar.fr\/en\/events\/loto-geant-pour-les-enfants-malades-de-paca-2\/#breadcrumb","itemListElement":[{"@type":"ListItem","position":1,"name":"Accueil","item":"https:\/\/villagesdecaractereduvar.fr\/en\/"},{"@type":"ListItem","position":2,"name":"Agenda","item":"https:\/\/villagesdecaractereduvar.fr\/en\/events\/"},{"@type":"ListItem","position":3,"name":"Loto G\u00e9ant pour les enfants malades de PACA"}]},{"@type":"WebSite","@id":"https:\/\/villagesdecaractereduvar.fr\/#website","url":"https:\/\/villagesdecaractereduvar.fr\/","name":"Villages de Caract\u00e8re du Var","description":"","publisher":{"@id":"https:\/\/villagesdecaractereduvar.fr\/#organization"},"potentialAction":[{"@type":"SearchAction","target":{"@type":"EntryPoint","urlTemplate":"https:\/\/villagesdecaractereduvar.fr\/?s={search_term_string}"},"query-input":{"@type":"PropertyValueSpecification","valueRequired":true,"valueName":"search_term_string"}}],"inLanguage":"en-US"},{"@type":"Organization","@id":"https:\/\/villagesdecaractereduvar.fr\/#organization","name":"Villages de Caract\u00e8re du Var","url":"https:\/\/villagesdecaractereduvar.fr\/","logo":{"@type":"ImageObject","inLanguage":"en-US","@id":"https:\/\/villagesdecaractereduvar.fr\/#\/schema\/logo\/image\/","url":"https:\/\/villagesdecaractereduvar.fr\/wp-content\/uploads\/2016\/07\/vdc83-logo.jpg","contentUrl":"https:\/\/villagesdecaractereduvar.fr\/wp-content\/uploads\/2016\/07\/vdc83-logo.jpg","width":230,"height":90,"caption":"Villages de Caract\u00e8re du Var"},"image":{"@id":"https:\/\/villagesdecaractereduvar.fr\/#\/schema\/logo\/image\/"}}]}},"jetpack_sharing_enabled":true,"_links":{"self":[{"href":"https:\/\/villagesdecaractereduvar.fr\/en\/wp-json\/wp\/v2\/ajde_events\/18552"}],"collection":[{"href":"https:\/\/villagesdecaractereduvar.fr\/en\/wp-json\/wp\/v2\/ajde_events"}],"about":[{"href":"https:\/\/villagesdecaractereduvar.fr\/en\/wp-json\/wp\/v2\/types\/ajde_events"}],"author":[{"embeddable":true,"href":"https:\/\/villagesdecaractereduvar.fr\/en\/wp-json\/wp\/v2\/users\/1"}],"replies":[{"embeddable":true,"href":"https:\/\/villagesdecaractereduvar.fr\/en\/wp-json\/wp\/v2\/comments?post=18552"}],"wp:attachment":[{"href":"https:\/\/villagesdecaractereduvar.fr\/en\/wp-json\/wp\/v2\/media?parent=18552"}],"wp:term":[{"taxonomy":"post_tag","embeddable":true,"href":"https:\/\/villagesdecaractereduvar.fr\/en\/wp-json\/wp\/v2\/tags?post=18552"},{"taxonomy":"event_type","embeddable":true,"href":"https:\/\/villagesdecaractereduvar.fr\/en\/wp-json\/wp\/v2\/event_type?post=18552"},{"taxonomy":"event_type_2","embeddable":true,"href":"https:\/\/villagesdecaractereduvar.fr\/en\/wp-json\/wp\/v2\/event_type_2?post=18552"}],"curies":[{"name":"wp","href":"https:\/\/api.w.org\/{rel}","templated":true}]}}