{"id":17174,"date":"2022-01-17T01:30:09","date_gmt":"2022-01-17T00:30:09","guid":{"rendered":"http:\/\/villagesdecaractereduvar.fr\/events\/conference-lidee-de-nature-dans-lart-2\/"},"modified":"2022-03-26T01:30:21","modified_gmt":"2022-03-26T00:30:21","slug":"conference-lidee-de-nature-dans-lart-2","status":"publish","type":"ajde_events","link":"https:\/\/villagesdecaractereduvar.fr\/en\/events\/conference-lidee-de-nature-dans-lart-2\/","title":{"rendered":"Conf\u00e9rence : L&#8217;Id\u00e9e de nature dans l&#8217;Art"},"content":{"rendered":"<p>Les arbres, les fleurs, les prairies, les rivi\u00e8res, les collines, les d\u00e9serts, le ciel, les nuages, les animaux, le cosmos&#8230; forment une entit\u00e9 \u00e0 laquelle nous avons donn\u00e9 le nom de nature. C&#8217;est \u00e0 travers la longue tradition de la peinture de paysage que se sont op\u00e9r\u00e9es les grandes r\u00e9volutions artistiques des 19e et 20e si\u00e8cles, assignant \u00e0 la cr\u00e9ation et aux artistes de nouvelles missions, celles notamment d&#8217;entretenir par le regard et la pens\u00e9e, \u00e0 l&#8217;aide de nouveaux m\u00e9diums, d&#8217;autres rapports \u00e0 la nature.<\/p>\n","protected":false},"author":1,"featured_media":0,"menu_order":0,"comment_status":"closed","ping_status":"closed","template":"","meta":[],"tags":[],"event_type":[821],"event_type_2":[],"yoast_head":"<!-- This site is optimized with the Yoast SEO plugin v24.5 - https:\/\/yoast.com\/wordpress\/plugins\/seo\/ -->\n<title>Conf\u00e9rence : L&#039;Id\u00e9e de nature dans l&#039;Art - Villages de Caract\u00e8re du Var<\/title>\n<meta name=\"robots\" content=\"index, follow, max-snippet:-1, max-image-preview:large, max-video-preview:-1\" \/>\n<link rel=\"canonical\" href=\"https:\/\/villagesdecaractereduvar.fr\/en\/events\/conference-lidee-de-nature-dans-lart-2\/\" \/>\n<meta property=\"og:locale\" content=\"en_US\" \/>\n<meta property=\"og:type\" content=\"article\" \/>\n<meta property=\"og:title\" content=\"Conf\u00e9rence : L&#039;Id\u00e9e de nature dans l&#039;Art - Villages de Caract\u00e8re du Var\" \/>\n<meta property=\"og:description\" content=\"Les arbres, les fleurs, les prairies, les rivi\u00e8res, les collines, les d\u00e9serts, le ciel, les nuages, les animaux, le cosmos&#8230; forment une entit\u00e9 \u00e0 laquelle nous avons donn\u00e9 le nom de nature. C&#8217;est...\" \/>\n<meta property=\"og:url\" content=\"https:\/\/villagesdecaractereduvar.fr\/en\/events\/conference-lidee-de-nature-dans-lart-2\/\" \/>\n<meta property=\"og:site_name\" content=\"Villages de Caract\u00e8re du Var\" \/>\n<meta property=\"article:modified_time\" content=\"2022-03-26T00:30:21+00:00\" \/>\n<meta name=\"twitter:card\" content=\"summary_large_image\" \/>\n<script type=\"application\/ld+json\" class=\"yoast-schema-graph\">{\"@context\":\"https:\/\/schema.org\",\"@graph\":[{\"@type\":\"WebPage\",\"@id\":\"https:\/\/villagesdecaractereduvar.fr\/en\/events\/conference-lidee-de-nature-dans-lart-2\/\",\"url\":\"https:\/\/villagesdecaractereduvar.fr\/en\/events\/conference-lidee-de-nature-dans-lart-2\/\",\"name\":\"Conf\u00e9rence : L'Id\u00e9e de nature dans l'Art - Villages de Caract\u00e8re du Var\",\"isPartOf\":{\"@id\":\"https:\/\/villagesdecaractereduvar.fr\/#website\"},\"datePublished\":\"2022-01-17T00:30:09+00:00\",\"dateModified\":\"2022-03-26T00:30:21+00:00\",\"breadcrumb\":{\"@id\":\"https:\/\/villagesdecaractereduvar.fr\/en\/events\/conference-lidee-de-nature-dans-lart-2\/#breadcrumb\"},\"inLanguage\":\"en-US\",\"potentialAction\":[{\"@type\":\"ReadAction\",\"target\":[\"https:\/\/villagesdecaractereduvar.fr\/en\/events\/conference-lidee-de-nature-dans-lart-2\/\"]}]},{\"@type\":\"BreadcrumbList\",\"@id\":\"https:\/\/villagesdecaractereduvar.fr\/en\/events\/conference-lidee-de-nature-dans-lart-2\/#breadcrumb\",\"itemListElement\":[{\"@type\":\"ListItem\",\"position\":1,\"name\":\"Accueil\",\"item\":\"https:\/\/villagesdecaractereduvar.fr\/en\/\"},{\"@type\":\"ListItem\",\"position\":2,\"name\":\"Agenda\",\"item\":\"https:\/\/villagesdecaractereduvar.fr\/en\/events\/\"},{\"@type\":\"ListItem\",\"position\":3,\"name\":\"Conf\u00e9rence : L&rsquo;Id\u00e9e de nature dans l&rsquo;Art\"}]},{\"@type\":\"WebSite\",\"@id\":\"https:\/\/villagesdecaractereduvar.fr\/#website\",\"url\":\"https:\/\/villagesdecaractereduvar.fr\/\",\"name\":\"Villages de Caract\u00e8re du Var\",\"description\":\"\",\"publisher\":{\"@id\":\"https:\/\/villagesdecaractereduvar.fr\/#organization\"},\"potentialAction\":[{\"@type\":\"SearchAction\",\"target\":{\"@type\":\"EntryPoint\",\"urlTemplate\":\"https:\/\/villagesdecaractereduvar.fr\/?s={search_term_string}\"},\"query-input\":{\"@type\":\"PropertyValueSpecification\",\"valueRequired\":true,\"valueName\":\"search_term_string\"}}],\"inLanguage\":\"en-US\"},{\"@type\":\"Organization\",\"@id\":\"https:\/\/villagesdecaractereduvar.fr\/#organization\",\"name\":\"Villages de Caract\u00e8re du Var\",\"url\":\"https:\/\/villagesdecaractereduvar.fr\/\",\"logo\":{\"@type\":\"ImageObject\",\"inLanguage\":\"en-US\",\"@id\":\"https:\/\/villagesdecaractereduvar.fr\/#\/schema\/logo\/image\/\",\"url\":\"https:\/\/villagesdecaractereduvar.fr\/wp-content\/uploads\/2016\/07\/vdc83-logo.jpg\",\"contentUrl\":\"https:\/\/villagesdecaractereduvar.fr\/wp-content\/uploads\/2016\/07\/vdc83-logo.jpg\",\"width\":230,\"height\":90,\"caption\":\"Villages de Caract\u00e8re du Var\"},\"image\":{\"@id\":\"https:\/\/villagesdecaractereduvar.fr\/#\/schema\/logo\/image\/\"}}]}<\/script>\n<!-- \/ Yoast SEO plugin. -->","yoast_head_json":{"title":"Conf\u00e9rence : L'Id\u00e9e de nature dans l'Art - Villages de Caract\u00e8re du Var","robots":{"index":"index","follow":"follow","max-snippet":"max-snippet:-1","max-image-preview":"max-image-preview:large","max-video-preview":"max-video-preview:-1"},"canonical":"https:\/\/villagesdecaractereduvar.fr\/en\/events\/conference-lidee-de-nature-dans-lart-2\/","og_locale":"en_US","og_type":"article","og_title":"Conf\u00e9rence : L'Id\u00e9e de nature dans l'Art - Villages de Caract\u00e8re du Var","og_description":"Les arbres, les fleurs, les prairies, les rivi\u00e8res, les collines, les d\u00e9serts, le ciel, les nuages, les animaux, le cosmos&#8230; forment une entit\u00e9 \u00e0 laquelle nous avons donn\u00e9 le nom de nature. C&#8217;est...","og_url":"https:\/\/villagesdecaractereduvar.fr\/en\/events\/conference-lidee-de-nature-dans-lart-2\/","og_site_name":"Villages de Caract\u00e8re du Var","article_modified_time":"2022-03-26T00:30:21+00:00","twitter_card":"summary_large_image","schema":{"@context":"https:\/\/schema.org","@graph":[{"@type":"WebPage","@id":"https:\/\/villagesdecaractereduvar.fr\/en\/events\/conference-lidee-de-nature-dans-lart-2\/","url":"https:\/\/villagesdecaractereduvar.fr\/en\/events\/conference-lidee-de-nature-dans-lart-2\/","name":"Conf\u00e9rence : L'Id\u00e9e de nature dans l'Art - Villages de Caract\u00e8re du Var","isPartOf":{"@id":"https:\/\/villagesdecaractereduvar.fr\/#website"},"datePublished":"2022-01-17T00:30:09+00:00","dateModified":"2022-03-26T00:30:21+00:00","breadcrumb":{"@id":"https:\/\/villagesdecaractereduvar.fr\/en\/events\/conference-lidee-de-nature-dans-lart-2\/#breadcrumb"},"inLanguage":"en-US","potentialAction":[{"@type":"ReadAction","target":["https:\/\/villagesdecaractereduvar.fr\/en\/events\/conference-lidee-de-nature-dans-lart-2\/"]}]},{"@type":"BreadcrumbList","@id":"https:\/\/villagesdecaractereduvar.fr\/en\/events\/conference-lidee-de-nature-dans-lart-2\/#breadcrumb","itemListElement":[{"@type":"ListItem","position":1,"name":"Accueil","item":"https:\/\/villagesdecaractereduvar.fr\/en\/"},{"@type":"ListItem","position":2,"name":"Agenda","item":"https:\/\/villagesdecaractereduvar.fr\/en\/events\/"},{"@type":"ListItem","position":3,"name":"Conf\u00e9rence : L&rsquo;Id\u00e9e de nature dans l&rsquo;Art"}]},{"@type":"WebSite","@id":"https:\/\/villagesdecaractereduvar.fr\/#website","url":"https:\/\/villagesdecaractereduvar.fr\/","name":"Villages de Caract\u00e8re du Var","description":"","publisher":{"@id":"https:\/\/villagesdecaractereduvar.fr\/#organization"},"potentialAction":[{"@type":"SearchAction","target":{"@type":"EntryPoint","urlTemplate":"https:\/\/villagesdecaractereduvar.fr\/?s={search_term_string}"},"query-input":{"@type":"PropertyValueSpecification","valueRequired":true,"valueName":"search_term_string"}}],"inLanguage":"en-US"},{"@type":"Organization","@id":"https:\/\/villagesdecaractereduvar.fr\/#organization","name":"Villages de Caract\u00e8re du Var","url":"https:\/\/villagesdecaractereduvar.fr\/","logo":{"@type":"ImageObject","inLanguage":"en-US","@id":"https:\/\/villagesdecaractereduvar.fr\/#\/schema\/logo\/image\/","url":"https:\/\/villagesdecaractereduvar.fr\/wp-content\/uploads\/2016\/07\/vdc83-logo.jpg","contentUrl":"https:\/\/villagesdecaractereduvar.fr\/wp-content\/uploads\/2016\/07\/vdc83-logo.jpg","width":230,"height":90,"caption":"Villages de Caract\u00e8re du Var"},"image":{"@id":"https:\/\/villagesdecaractereduvar.fr\/#\/schema\/logo\/image\/"}}]}},"jetpack_sharing_enabled":true,"_links":{"self":[{"href":"https:\/\/villagesdecaractereduvar.fr\/en\/wp-json\/wp\/v2\/ajde_events\/17174"}],"collection":[{"href":"https:\/\/villagesdecaractereduvar.fr\/en\/wp-json\/wp\/v2\/ajde_events"}],"about":[{"href":"https:\/\/villagesdecaractereduvar.fr\/en\/wp-json\/wp\/v2\/types\/ajde_events"}],"author":[{"embeddable":true,"href":"https:\/\/villagesdecaractereduvar.fr\/en\/wp-json\/wp\/v2\/users\/1"}],"replies":[{"embeddable":true,"href":"https:\/\/villagesdecaractereduvar.fr\/en\/wp-json\/wp\/v2\/comments?post=17174"}],"wp:attachment":[{"href":"https:\/\/villagesdecaractereduvar.fr\/en\/wp-json\/wp\/v2\/media?parent=17174"}],"wp:term":[{"taxonomy":"post_tag","embeddable":true,"href":"https:\/\/villagesdecaractereduvar.fr\/en\/wp-json\/wp\/v2\/tags?post=17174"},{"taxonomy":"event_type","embeddable":true,"href":"https:\/\/villagesdecaractereduvar.fr\/en\/wp-json\/wp\/v2\/event_type?post=17174"},{"taxonomy":"event_type_2","embeddable":true,"href":"https:\/\/villagesdecaractereduvar.fr\/en\/wp-json\/wp\/v2\/event_type_2?post=17174"}],"curies":[{"name":"wp","href":"https:\/\/api.w.org\/{rel}","templated":true}]}}