{"id":10275,"date":"2018-05-16T01:43:39","date_gmt":"2018-05-15T23:43:39","guid":{"rendered":"http:\/\/villagesdecaractereduvar.fr\/events\/piece-croisades-2\/"},"modified":"2018-05-26T01:40:47","modified_gmt":"2018-05-25T23:40:47","slug":"piece-croisades-2","status":"publish","type":"ajde_events","link":"https:\/\/villagesdecaractereduvar.fr\/en\/events\/piece-croisades-2\/","title":{"rendered":"Pi\u00e8ce &#8220;Croisades&#8221;"},"content":{"rendered":"<p>L&#8217;Humanit\u00e9 saisie par des convulsions de pure bestialit\u00e9 ; entre guerre et enfance, vivants et morts. Histoire et individus, pass\u00e9, pr\u00e9sent et futur de l\u2019esp\u00e8ce.<\/p>\n<p>Michel Azama a voulu que les morts, contrairement aux faits divers, nous touchent. Qu\u2019ils ressuscitent devant nous et livrent leur dernier message. Que \u00e7a donne des contractions de la chair et de la t\u00eate. Que l\u2019humour et la tendresse colorent l\u2019horreur et que ce chant de catastrophe ait, malgr\u00e9 tout, une incontestable sant\u00e9.<\/p>\n","protected":false},"author":1,"featured_media":0,"menu_order":0,"comment_status":"closed","ping_status":"closed","template":"","meta":[],"tags":[],"event_type":[833],"event_type_2":[],"yoast_head":"<!-- This site is optimized with the Yoast SEO plugin v24.5 - https:\/\/yoast.com\/wordpress\/plugins\/seo\/ -->\n<title>Pi\u00e8ce &quot;Croisades&quot; - Villages de Caract\u00e8re du Var<\/title>\n<meta name=\"robots\" content=\"index, follow, max-snippet:-1, max-image-preview:large, max-video-preview:-1\" \/>\n<link rel=\"canonical\" href=\"https:\/\/villagesdecaractereduvar.fr\/en\/events\/piece-croisades-2\/\" \/>\n<meta property=\"og:locale\" content=\"en_US\" \/>\n<meta property=\"og:type\" content=\"article\" \/>\n<meta property=\"og:title\" content=\"Pi\u00e8ce &quot;Croisades&quot; - Villages de Caract\u00e8re du Var\" \/>\n<meta property=\"og:description\" content=\"L&#8217;Humanit\u00e9 saisie par des convulsions de pure bestialit\u00e9 ; entre guerre et enfance, vivants et morts. Histoire et individus, pass\u00e9, pr\u00e9sent et futur de l\u2019esp\u00e8ce. Michel Azama a voulu que les morts, contrairement...\" \/>\n<meta property=\"og:url\" content=\"https:\/\/villagesdecaractereduvar.fr\/en\/events\/piece-croisades-2\/\" \/>\n<meta property=\"og:site_name\" content=\"Villages de Caract\u00e8re du Var\" \/>\n<meta property=\"article:modified_time\" content=\"2018-05-25T23:40:47+00:00\" \/>\n<meta name=\"twitter:card\" content=\"summary_large_image\" \/>\n<script type=\"application\/ld+json\" class=\"yoast-schema-graph\">{\"@context\":\"https:\/\/schema.org\",\"@graph\":[{\"@type\":\"WebPage\",\"@id\":\"https:\/\/villagesdecaractereduvar.fr\/en\/events\/piece-croisades-2\/\",\"url\":\"https:\/\/villagesdecaractereduvar.fr\/en\/events\/piece-croisades-2\/\",\"name\":\"Pi\u00e8ce \\\"Croisades\\\" - Villages de Caract\u00e8re du Var\",\"isPartOf\":{\"@id\":\"https:\/\/villagesdecaractereduvar.fr\/#website\"},\"datePublished\":\"2018-05-15T23:43:39+00:00\",\"dateModified\":\"2018-05-25T23:40:47+00:00\",\"breadcrumb\":{\"@id\":\"https:\/\/villagesdecaractereduvar.fr\/en\/events\/piece-croisades-2\/#breadcrumb\"},\"inLanguage\":\"en-US\",\"potentialAction\":[{\"@type\":\"ReadAction\",\"target\":[\"https:\/\/villagesdecaractereduvar.fr\/en\/events\/piece-croisades-2\/\"]}]},{\"@type\":\"BreadcrumbList\",\"@id\":\"https:\/\/villagesdecaractereduvar.fr\/en\/events\/piece-croisades-2\/#breadcrumb\",\"itemListElement\":[{\"@type\":\"ListItem\",\"position\":1,\"name\":\"Accueil\",\"item\":\"https:\/\/villagesdecaractereduvar.fr\/en\/\"},{\"@type\":\"ListItem\",\"position\":2,\"name\":\"Agenda\",\"item\":\"https:\/\/villagesdecaractereduvar.fr\/en\/events\/\"},{\"@type\":\"ListItem\",\"position\":3,\"name\":\"Pi\u00e8ce \u00ab\u00a0Croisades\u00a0\u00bb\"}]},{\"@type\":\"WebSite\",\"@id\":\"https:\/\/villagesdecaractereduvar.fr\/#website\",\"url\":\"https:\/\/villagesdecaractereduvar.fr\/\",\"name\":\"Villages de Caract\u00e8re du Var\",\"description\":\"\",\"publisher\":{\"@id\":\"https:\/\/villagesdecaractereduvar.fr\/#organization\"},\"potentialAction\":[{\"@type\":\"SearchAction\",\"target\":{\"@type\":\"EntryPoint\",\"urlTemplate\":\"https:\/\/villagesdecaractereduvar.fr\/?s={search_term_string}\"},\"query-input\":{\"@type\":\"PropertyValueSpecification\",\"valueRequired\":true,\"valueName\":\"search_term_string\"}}],\"inLanguage\":\"en-US\"},{\"@type\":\"Organization\",\"@id\":\"https:\/\/villagesdecaractereduvar.fr\/#organization\",\"name\":\"Villages de Caract\u00e8re du Var\",\"url\":\"https:\/\/villagesdecaractereduvar.fr\/\",\"logo\":{\"@type\":\"ImageObject\",\"inLanguage\":\"en-US\",\"@id\":\"https:\/\/villagesdecaractereduvar.fr\/#\/schema\/logo\/image\/\",\"url\":\"https:\/\/villagesdecaractereduvar.fr\/wp-content\/uploads\/2016\/07\/vdc83-logo.jpg\",\"contentUrl\":\"https:\/\/villagesdecaractereduvar.fr\/wp-content\/uploads\/2016\/07\/vdc83-logo.jpg\",\"width\":230,\"height\":90,\"caption\":\"Villages de Caract\u00e8re du Var\"},\"image\":{\"@id\":\"https:\/\/villagesdecaractereduvar.fr\/#\/schema\/logo\/image\/\"}}]}<\/script>\n<!-- \/ Yoast SEO plugin. -->","yoast_head_json":{"title":"Pi\u00e8ce \"Croisades\" - Villages de Caract\u00e8re du Var","robots":{"index":"index","follow":"follow","max-snippet":"max-snippet:-1","max-image-preview":"max-image-preview:large","max-video-preview":"max-video-preview:-1"},"canonical":"https:\/\/villagesdecaractereduvar.fr\/en\/events\/piece-croisades-2\/","og_locale":"en_US","og_type":"article","og_title":"Pi\u00e8ce \"Croisades\" - Villages de Caract\u00e8re du Var","og_description":"L&#8217;Humanit\u00e9 saisie par des convulsions de pure bestialit\u00e9 ; entre guerre et enfance, vivants et morts. Histoire et individus, pass\u00e9, pr\u00e9sent et futur de l\u2019esp\u00e8ce. Michel Azama a voulu que les morts, contrairement...","og_url":"https:\/\/villagesdecaractereduvar.fr\/en\/events\/piece-croisades-2\/","og_site_name":"Villages de Caract\u00e8re du Var","article_modified_time":"2018-05-25T23:40:47+00:00","twitter_card":"summary_large_image","schema":{"@context":"https:\/\/schema.org","@graph":[{"@type":"WebPage","@id":"https:\/\/villagesdecaractereduvar.fr\/en\/events\/piece-croisades-2\/","url":"https:\/\/villagesdecaractereduvar.fr\/en\/events\/piece-croisades-2\/","name":"Pi\u00e8ce \"Croisades\" - Villages de Caract\u00e8re du Var","isPartOf":{"@id":"https:\/\/villagesdecaractereduvar.fr\/#website"},"datePublished":"2018-05-15T23:43:39+00:00","dateModified":"2018-05-25T23:40:47+00:00","breadcrumb":{"@id":"https:\/\/villagesdecaractereduvar.fr\/en\/events\/piece-croisades-2\/#breadcrumb"},"inLanguage":"en-US","potentialAction":[{"@type":"ReadAction","target":["https:\/\/villagesdecaractereduvar.fr\/en\/events\/piece-croisades-2\/"]}]},{"@type":"BreadcrumbList","@id":"https:\/\/villagesdecaractereduvar.fr\/en\/events\/piece-croisades-2\/#breadcrumb","itemListElement":[{"@type":"ListItem","position":1,"name":"Accueil","item":"https:\/\/villagesdecaractereduvar.fr\/en\/"},{"@type":"ListItem","position":2,"name":"Agenda","item":"https:\/\/villagesdecaractereduvar.fr\/en\/events\/"},{"@type":"ListItem","position":3,"name":"Pi\u00e8ce \u00ab\u00a0Croisades\u00a0\u00bb"}]},{"@type":"WebSite","@id":"https:\/\/villagesdecaractereduvar.fr\/#website","url":"https:\/\/villagesdecaractereduvar.fr\/","name":"Villages de Caract\u00e8re du Var","description":"","publisher":{"@id":"https:\/\/villagesdecaractereduvar.fr\/#organization"},"potentialAction":[{"@type":"SearchAction","target":{"@type":"EntryPoint","urlTemplate":"https:\/\/villagesdecaractereduvar.fr\/?s={search_term_string}"},"query-input":{"@type":"PropertyValueSpecification","valueRequired":true,"valueName":"search_term_string"}}],"inLanguage":"en-US"},{"@type":"Organization","@id":"https:\/\/villagesdecaractereduvar.fr\/#organization","name":"Villages de Caract\u00e8re du Var","url":"https:\/\/villagesdecaractereduvar.fr\/","logo":{"@type":"ImageObject","inLanguage":"en-US","@id":"https:\/\/villagesdecaractereduvar.fr\/#\/schema\/logo\/image\/","url":"https:\/\/villagesdecaractereduvar.fr\/wp-content\/uploads\/2016\/07\/vdc83-logo.jpg","contentUrl":"https:\/\/villagesdecaractereduvar.fr\/wp-content\/uploads\/2016\/07\/vdc83-logo.jpg","width":230,"height":90,"caption":"Villages de Caract\u00e8re du Var"},"image":{"@id":"https:\/\/villagesdecaractereduvar.fr\/#\/schema\/logo\/image\/"}}]}},"jetpack_sharing_enabled":true,"_links":{"self":[{"href":"https:\/\/villagesdecaractereduvar.fr\/en\/wp-json\/wp\/v2\/ajde_events\/10275"}],"collection":[{"href":"https:\/\/villagesdecaractereduvar.fr\/en\/wp-json\/wp\/v2\/ajde_events"}],"about":[{"href":"https:\/\/villagesdecaractereduvar.fr\/en\/wp-json\/wp\/v2\/types\/ajde_events"}],"author":[{"embeddable":true,"href":"https:\/\/villagesdecaractereduvar.fr\/en\/wp-json\/wp\/v2\/users\/1"}],"replies":[{"embeddable":true,"href":"https:\/\/villagesdecaractereduvar.fr\/en\/wp-json\/wp\/v2\/comments?post=10275"}],"wp:attachment":[{"href":"https:\/\/villagesdecaractereduvar.fr\/en\/wp-json\/wp\/v2\/media?parent=10275"}],"wp:term":[{"taxonomy":"post_tag","embeddable":true,"href":"https:\/\/villagesdecaractereduvar.fr\/en\/wp-json\/wp\/v2\/tags?post=10275"},{"taxonomy":"event_type","embeddable":true,"href":"https:\/\/villagesdecaractereduvar.fr\/en\/wp-json\/wp\/v2\/event_type?post=10275"},{"taxonomy":"event_type_2","embeddable":true,"href":"https:\/\/villagesdecaractereduvar.fr\/en\/wp-json\/wp\/v2\/event_type_2?post=10275"}],"curies":[{"name":"wp","href":"https:\/\/api.w.org\/{rel}","templated":true}]}}